{"id":34857,"date":"2026-04-27T13:00:35","date_gmt":"2026-04-27T11:00:35","guid":{"rendered":"https:\/\/radolfzell1200.de\/veranstaltung\/journee-internationale-2\/"},"modified":"2026-04-27T13:01:27","modified_gmt":"2026-04-27T11:01:27","slug":"journee-internationale-2","status":"publish","type":"tribe_events","link":"https:\/\/radolfzell1200.de\/fr\/veranstaltung\/journee-internationale-2\/","title":{"rendered":"Journ\u00e9e internationale"},"content":{"rendered":"<p>La Journ\u00e9e internationale est une f\u00eate des cultures et des rencontres. Elle rend hommage \u00e0 la cohabitation color\u00e9e des diff\u00e9rentes cultures dans notre ville. Avec la Journ\u00e9e internationale, nous c\u00e9l\u00e9brons une fois de plus cette diversit\u00e9 en grand. Cette f\u00eate a une longue tradition et est c\u00e9l\u00e9br\u00e9e depuis plus de 30 ans. La Journ\u00e9e internationale commence \u00e0 l&rsquo;heure du d\u00e9jeuner au Voile de concert avec un programme vari\u00e9 de diff\u00e9rents groupes et associations. Divers stands de nourriture de diff\u00e9rentes nations\/cultures, des offres d&rsquo;information ainsi qu&rsquo;un programme de participation color\u00e9 pour les enfants compl\u00e8tent l&rsquo;offre. En d\u00e9but de soir\u00e9e, le groupe \u00ab\u00a0Son De Lui\u00a0\u00bb viendra vous divertir et danser.        <\/p>\n","protected":false},"excerpt":{"rendered":"<p>La Journ\u00e9e internationale est une f\u00eate des cultures et des rencontres. Elle rend hommage \u00e0 la cohabitation color\u00e9e des diff\u00e9rentes [&hellip;]<\/p>\n","protected":false},"author":1,"featured_media":34847,"template":"","meta":{"_price":"","_stock":"","_tribe_ticket_header":"","_tribe_default_ticket_provider":"","_ticket_start_date":"","_ticket_end_date":"","_tribe_ticket_show_description":"","_tribe_ticket_show_not_going":false,"_tribe_ticket_use_global_stock":"","_tribe_ticket_global_stock_level":"","_global_stock_mode":"","_global_stock_cap":"","_tribe_rsvp_for_event":"","_tribe_ticket_going_count":"","_tribe_ticket_not_going_count":"","_tribe_tickets_list":"[]","_tribe_ticket_has_attendee_info_fields":false,"_tribe_events_status":"","_tribe_events_status_reason":"","footnotes":"","_tec_slr_enabled":"","_tec_slr_layout":""},"tags":[156,728,729,194,730,731],"tribe_events_cat":[],"class_list":["post-34857","tribe_events","type-tribe_events","status-publish","has-post-thumbnail","hentry","tag-anniversaire-de-la-ville2026","tag-culture","tag-fixe-2","tag-musique","tag-voile-de-concert","tag-voile-de-concert-radolfzell"],"yoast_head":"<!-- This site is optimized with the Yoast SEO plugin v26.7 - https:\/\/yoast.com\/wordpress\/plugins\/seo\/ -->\n<title>Journ\u00e9e internationale - Stadtjubil\u00e4um Radolfzell<\/title>\n<meta name=\"robots\" content=\"index, follow, max-snippet:-1, max-image-preview:large, max-video-preview:-1\" \/>\n<link rel=\"canonical\" href=\"https:\/\/radolfzell1200.de\/fr\/veranstaltung\/journee-internationale-2\/\" \/>\n<meta property=\"og:locale\" content=\"fr_FR\" \/>\n<meta property=\"og:type\" content=\"article\" \/>\n<meta property=\"og:title\" content=\"Journ\u00e9e internationale - Stadtjubil\u00e4um Radolfzell\" \/>\n<meta property=\"og:description\" content=\"La Journ\u00e9e internationale est une f\u00eate des cultures et des rencontres. Elle rend hommage \u00e0 la cohabitation color\u00e9e des diff\u00e9rentes [&hellip;]\" \/>\n<meta property=\"og:url\" content=\"https:\/\/radolfzell1200.de\/fr\/veranstaltung\/journee-internationale-2\/\" \/>\n<meta property=\"og:site_name\" content=\"Stadtjubil\u00e4um Radolfzell\" \/>\n<meta property=\"article:modified_time\" content=\"2026-04-27T11:01:27+00:00\" \/>\n<meta property=\"og:image\" content=\"https:\/\/radolfzell1200.de\/wp-content\/uploads\/sites\/17\/2026\/04\/event-a141fc6d-764b-4fb7-a442-b8a952529d6f.jpg\" \/>\n\t<meta property=\"og:image:width\" content=\"800\" \/>\n\t<meta property=\"og:image:height\" content=\"600\" \/>\n\t<meta property=\"og:image:type\" content=\"image\/jpeg\" \/>\n<meta name=\"twitter:card\" content=\"summary_large_image\" \/>\n<meta name=\"twitter:label1\" content=\"Dur\u00e9e de lecture estim\u00e9e\" \/>\n\t<meta name=\"twitter:data1\" content=\"1 minute\" \/>\n<script type=\"application\/ld+json\" class=\"yoast-schema-graph\">{\"@context\":\"https:\/\/schema.org\",\"@graph\":[{\"@type\":\"WebPage\",\"@id\":\"https:\/\/radolfzell1200.de\/fr\/veranstaltung\/journee-internationale-2\/\",\"url\":\"https:\/\/radolfzell1200.de\/fr\/veranstaltung\/journee-internationale-2\/\",\"name\":\"Journ\u00e9e internationale - Stadtjubil\u00e4um Radolfzell\",\"isPartOf\":{\"@id\":\"https:\/\/radolfzell1200.de\/fr\/#website\"},\"primaryImageOfPage\":{\"@id\":\"https:\/\/radolfzell1200.de\/fr\/veranstaltung\/journee-internationale-2\/#primaryimage\"},\"image\":{\"@id\":\"https:\/\/radolfzell1200.de\/fr\/veranstaltung\/journee-internationale-2\/#primaryimage\"},\"thumbnailUrl\":\"https:\/\/radolfzell1200.de\/wp-content\/uploads\/sites\/17\/2026\/04\/event-a141fc6d-764b-4fb7-a442-b8a952529d6f.jpg\",\"datePublished\":\"2026-04-27T11:00:35+00:00\",\"dateModified\":\"2026-04-27T11:01:27+00:00\",\"breadcrumb\":{\"@id\":\"https:\/\/radolfzell1200.de\/fr\/veranstaltung\/journee-internationale-2\/#breadcrumb\"},\"inLanguage\":\"fr-FR\",\"potentialAction\":[{\"@type\":\"ReadAction\",\"target\":[\"https:\/\/radolfzell1200.de\/fr\/veranstaltung\/journee-internationale-2\/\"]}]},{\"@type\":\"ImageObject\",\"inLanguage\":\"fr-FR\",\"@id\":\"https:\/\/radolfzell1200.de\/fr\/veranstaltung\/journee-internationale-2\/#primaryimage\",\"url\":\"https:\/\/radolfzell1200.de\/wp-content\/uploads\/sites\/17\/2026\/04\/event-a141fc6d-764b-4fb7-a442-b8a952529d6f.jpg\",\"contentUrl\":\"https:\/\/radolfzell1200.de\/wp-content\/uploads\/sites\/17\/2026\/04\/event-a141fc6d-764b-4fb7-a442-b8a952529d6f.jpg\",\"width\":800,\"height\":600},{\"@type\":\"BreadcrumbList\",\"@id\":\"https:\/\/radolfzell1200.de\/fr\/veranstaltung\/journee-internationale-2\/#breadcrumb\",\"itemListElement\":[{\"@type\":\"ListItem\",\"position\":1,\"name\":\"Startseite\",\"item\":\"https:\/\/radolfzell1200.de\/fr\/page-daccueil\/\"},{\"@type\":\"ListItem\",\"position\":2,\"name\":\"\u00c9v\u00e8nements\",\"item\":\"https:\/\/radolfzell1200.de\/fr\/veranstaltungen\/\"},{\"@type\":\"ListItem\",\"position\":3,\"name\":\"Journ\u00e9e internationale\"}]},{\"@type\":\"WebSite\",\"@id\":\"https:\/\/radolfzell1200.de\/fr\/#website\",\"url\":\"https:\/\/radolfzell1200.de\/fr\/\",\"name\":\"Stadtjubil\u00e4um Radolfzell\",\"description\":\"Kultur Radolfzell Website\",\"potentialAction\":[{\"@type\":\"SearchAction\",\"target\":{\"@type\":\"EntryPoint\",\"urlTemplate\":\"https:\/\/radolfzell1200.de\/fr\/?s={search_term_string}\"},\"query-input\":{\"@type\":\"PropertyValueSpecification\",\"valueRequired\":true,\"valueName\":\"search_term_string\"}}],\"inLanguage\":\"fr-FR\"}]}<\/script>\n<!-- \/ Yoast SEO plugin. -->","yoast_head_json":{"title":"Journ\u00e9e internationale - Stadtjubil\u00e4um Radolfzell","robots":{"index":"index","follow":"follow","max-snippet":"max-snippet:-1","max-image-preview":"max-image-preview:large","max-video-preview":"max-video-preview:-1"},"canonical":"https:\/\/radolfzell1200.de\/fr\/veranstaltung\/journee-internationale-2\/","og_locale":"fr_FR","og_type":"article","og_title":"Journ\u00e9e internationale - Stadtjubil\u00e4um Radolfzell","og_description":"La Journ\u00e9e internationale est une f\u00eate des cultures et des rencontres. Elle rend hommage \u00e0 la cohabitation color\u00e9e des diff\u00e9rentes [&hellip;]","og_url":"https:\/\/radolfzell1200.de\/fr\/veranstaltung\/journee-internationale-2\/","og_site_name":"Stadtjubil\u00e4um Radolfzell","article_modified_time":"2026-04-27T11:01:27+00:00","og_image":[{"width":800,"height":600,"url":"https:\/\/radolfzell1200.de\/wp-content\/uploads\/sites\/17\/2026\/04\/event-a141fc6d-764b-4fb7-a442-b8a952529d6f.jpg","type":"image\/jpeg"}],"twitter_card":"summary_large_image","twitter_misc":{"Dur\u00e9e de lecture estim\u00e9e":"1 minute"},"schema":{"@context":"https:\/\/schema.org","@graph":[{"@type":"WebPage","@id":"https:\/\/radolfzell1200.de\/fr\/veranstaltung\/journee-internationale-2\/","url":"https:\/\/radolfzell1200.de\/fr\/veranstaltung\/journee-internationale-2\/","name":"Journ\u00e9e internationale - Stadtjubil\u00e4um Radolfzell","isPartOf":{"@id":"https:\/\/radolfzell1200.de\/fr\/#website"},"primaryImageOfPage":{"@id":"https:\/\/radolfzell1200.de\/fr\/veranstaltung\/journee-internationale-2\/#primaryimage"},"image":{"@id":"https:\/\/radolfzell1200.de\/fr\/veranstaltung\/journee-internationale-2\/#primaryimage"},"thumbnailUrl":"https:\/\/radolfzell1200.de\/wp-content\/uploads\/sites\/17\/2026\/04\/event-a141fc6d-764b-4fb7-a442-b8a952529d6f.jpg","datePublished":"2026-04-27T11:00:35+00:00","dateModified":"2026-04-27T11:01:27+00:00","breadcrumb":{"@id":"https:\/\/radolfzell1200.de\/fr\/veranstaltung\/journee-internationale-2\/#breadcrumb"},"inLanguage":"fr-FR","potentialAction":[{"@type":"ReadAction","target":["https:\/\/radolfzell1200.de\/fr\/veranstaltung\/journee-internationale-2\/"]}]},{"@type":"ImageObject","inLanguage":"fr-FR","@id":"https:\/\/radolfzell1200.de\/fr\/veranstaltung\/journee-internationale-2\/#primaryimage","url":"https:\/\/radolfzell1200.de\/wp-content\/uploads\/sites\/17\/2026\/04\/event-a141fc6d-764b-4fb7-a442-b8a952529d6f.jpg","contentUrl":"https:\/\/radolfzell1200.de\/wp-content\/uploads\/sites\/17\/2026\/04\/event-a141fc6d-764b-4fb7-a442-b8a952529d6f.jpg","width":800,"height":600},{"@type":"BreadcrumbList","@id":"https:\/\/radolfzell1200.de\/fr\/veranstaltung\/journee-internationale-2\/#breadcrumb","itemListElement":[{"@type":"ListItem","position":1,"name":"Startseite","item":"https:\/\/radolfzell1200.de\/fr\/page-daccueil\/"},{"@type":"ListItem","position":2,"name":"\u00c9v\u00e8nements","item":"https:\/\/radolfzell1200.de\/fr\/veranstaltungen\/"},{"@type":"ListItem","position":3,"name":"Journ\u00e9e internationale"}]},{"@type":"WebSite","@id":"https:\/\/radolfzell1200.de\/fr\/#website","url":"https:\/\/radolfzell1200.de\/fr\/","name":"Stadtjubil\u00e4um Radolfzell","description":"Kultur Radolfzell Website","potentialAction":[{"@type":"SearchAction","target":{"@type":"EntryPoint","urlTemplate":"https:\/\/radolfzell1200.de\/fr\/?s={search_term_string}"},"query-input":{"@type":"PropertyValueSpecification","valueRequired":true,"valueName":"search_term_string"}}],"inLanguage":"fr-FR"}]}},"ticketed":false,"_links":{"self":[{"href":"https:\/\/radolfzell1200.de\/fr\/wp-json\/wp\/v2\/tribe_events\/34857","targetHints":{"allow":["GET"]}}],"collection":[{"href":"https:\/\/radolfzell1200.de\/fr\/wp-json\/wp\/v2\/tribe_events"}],"about":[{"href":"https:\/\/radolfzell1200.de\/fr\/wp-json\/wp\/v2\/types\/tribe_events"}],"author":[{"embeddable":true,"href":"https:\/\/radolfzell1200.de\/fr\/wp-json\/wp\/v2\/users\/1"}],"version-history":[{"count":1,"href":"https:\/\/radolfzell1200.de\/fr\/wp-json\/wp\/v2\/tribe_events\/34857\/revisions"}],"predecessor-version":[{"id":34860,"href":"https:\/\/radolfzell1200.de\/fr\/wp-json\/wp\/v2\/tribe_events\/34857\/revisions\/34860"}],"wp:featuredmedia":[{"embeddable":true,"href":"https:\/\/radolfzell1200.de\/fr\/wp-json\/wp\/v2\/media\/34847"}],"wp:attachment":[{"href":"https:\/\/radolfzell1200.de\/fr\/wp-json\/wp\/v2\/media?parent=34857"}],"wp:term":[{"taxonomy":"post_tag","embeddable":true,"href":"https:\/\/radolfzell1200.de\/fr\/wp-json\/wp\/v2\/tags?post=34857"},{"taxonomy":"tribe_events_cat","embeddable":true,"href":"https:\/\/radolfzell1200.de\/fr\/wp-json\/wp\/v2\/tribe_events_cat?post=34857"}],"curies":[{"name":"wp","href":"https:\/\/api.w.org\/{rel}","templated":true}]}}