{"id":16596,"date":"2026-01-22T05:30:40","date_gmt":"2026-01-22T04:30:40","guid":{"rendered":"https:\/\/radolfzell1200.de\/veranstaltung\/worte-schreiben-geschichten-geschichten-verbinden-ecrire-et-lire-pour-tous-2\/"},"modified":"2026-04-23T23:12:54","modified_gmt":"2026-04-23T21:12:54","slug":"worte-schreiben-geschichten-geschichten-verbinden-ecrire-et-lire-pour-tous-2","status":"publish","type":"tribe_events","link":"https:\/\/radolfzell1200.de\/fr\/veranstaltung\/worte-schreiben-geschichten-geschichten-verbinden-ecrire-et-lire-pour-tous-2\/","title":{"rendered":"(W)Orte schreiben Geschichte(n) &#8211; Geschichten verbinden : \u00e9crire et lire pour tous"},"content":{"rendered":"<\/p>\n<p>Depuis plus de trois ans, huit femmes, qui ne pourraient pas \u00eatre plus diff\u00e9rentes, \u00e9crivent r\u00e9guli\u00e8rement ensemble : c&rsquo;est le groupe \u00ab\u00a0Miteinander schreiben\u00a0\u00bb (\u00e9crire ensemble). Les femmes se rencontrent deux fois par mois dans le lieu de rencontre TeggIn, au 10 de la Teggingerstra\u00dfe, pour faire preuve de cr\u00e9ativit\u00e9 ensemble. Pour ses lectures dans le cadre de l&rsquo;anniversaire de la ville, le groupe d&rsquo;\u00e9criture est parti \u00e0 la recherche de personnalit\u00e9s qui ont compt\u00e9 pour Radolfzell.   Ses textes montrent les nombreuses fa\u00e7ons d&rsquo;aborder Radolfzell et les personnes qui y vivent et y ont v\u00e9cu par la litt\u00e9rature.  <\/p>\n<p>Les huit femmes pr\u00e9senteront le r\u00e9sultat de leur travail lors de trois lectures, avec \u00e0 chaque fois de nouveaux textes : le samedi 14 mars de 16h \u00e0 17h30 \u00e0 la maison interg\u00e9n\u00e9rationnelle de la Diakonie, 16 Teggingerstra\u00dfe, le vendredi 12 juin de 14h \u00e0 14h45 \u00e0 Boehringen, 1 S\u00e4gem\u00fchle (en plein air) et le samedi 17 octobre de 11h \u00e0 12h \u00e0 la biblioth\u00e8que municipale, Marktplatz 8. La lecture \u00e0 la maison interg\u00e9n\u00e9rationnelle sera accompagn\u00e9e par Christiane Hermann et Christina Bretzke \u00e0 l&rsquo;accord\u00e9on.  <\/p>\n<p>Il s&rsquo;agit d&rsquo;un projet citoyen soutenu par la ville \u00e0 l&rsquo;occasion de l&rsquo;anniversaire de la ville. Gr\u00e2ce \u00e0 ce soutien, le groupe \u00ab\u00a0\u00c9crire ensemble\u00a0\u00bb a pu r\u00e9aliser diff\u00e9rents ateliers encadr\u00e9s par des professionnels : une formation th\u00e9\u00e2trale pour travailler la voix, l&rsquo;expression et la pr\u00e9sence sur sc\u00e8ne, ainsi que des ateliers encadr\u00e9s par une p\u00e9dagogue exp\u00e9riment\u00e9e en coaching d&rsquo;\u00e9criture. L&rsquo;objectif du groupe est d&rsquo;exp\u00e9rimenter ensemble le plaisir d&rsquo;\u00e9crire, de promouvoir le dialogue interg\u00e9n\u00e9rationnel et de s&rsquo;adresser \u00e0 des personnes de tous \u00e2ges et de toutes cultures pour les inciter \u00e0 \u00e9crire. Les personnes int\u00e9ress\u00e9es sont invit\u00e9es \u00e0 participer aux r\u00e9unions du groupe. Infos : Mehrgenerationenhaus der Diakonie, t\u00e9l. 7732 952786.<\/p><\/p>\n","protected":false},"excerpt":{"rendered":"<p>Depuis plus de trois ans, huit femmes, qui ne pourraient pas \u00eatre plus diff\u00e9rentes, \u00e9crivent r\u00e9guli\u00e8rement ensemble : c&rsquo;est le [&hellip;]<\/p>\n","protected":false},"author":1,"featured_media":33873,"template":"","meta":{"_price":"","_stock":"","_tribe_ticket_header":"","_tribe_default_ticket_provider":"","_ticket_start_date":"","_ticket_end_date":"","_tribe_ticket_show_description":"","_tribe_ticket_show_not_going":false,"_tribe_ticket_use_global_stock":"","_tribe_ticket_global_stock_level":"","_global_stock_mode":"","_global_stock_cap":"","_tribe_rsvp_for_event":"","_tribe_ticket_going_count":"","_tribe_ticket_not_going_count":"","_tribe_tickets_list":"[]","_tribe_ticket_has_attendee_info_fields":false,"_tribe_events_status":"","_tribe_events_status_reason":"","footnotes":"","_tec_slr_enabled":"","_tec_slr_layout":""},"tags":[156,158,157],"tribe_events_cat":[],"class_list":["post-16596","tribe_events","type-tribe_events","status-publish","has-post-thumbnail","hentry","tag-anniversaire-de-la-ville2026","tag-projets-citoyens2026","tag-tsr-mise-en-lumiere"],"yoast_head":"<!-- This site is optimized with the Yoast SEO plugin v26.7 - https:\/\/yoast.com\/wordpress\/plugins\/seo\/ -->\n<title>(W)Orte schreiben Geschichte(n) - Geschichten verbinden : \u00e9crire et lire pour tous - Stadtjubil\u00e4um Radolfzell<\/title>\n<meta name=\"robots\" content=\"index, follow, max-snippet:-1, max-image-preview:large, max-video-preview:-1\" \/>\n<link rel=\"canonical\" href=\"https:\/\/radolfzell1200.de\/fr\/veranstaltung\/worte-schreiben-geschichten-geschichten-verbinden-ecrire-et-lire-pour-tous-2\/\" \/>\n<meta property=\"og:locale\" content=\"fr_FR\" \/>\n<meta property=\"og:type\" content=\"article\" \/>\n<meta property=\"og:title\" content=\"(W)Orte schreiben Geschichte(n) - Geschichten verbinden : \u00e9crire et lire pour tous - Stadtjubil\u00e4um Radolfzell\" \/>\n<meta property=\"og:description\" content=\"Depuis plus de trois ans, huit femmes, qui ne pourraient pas \u00eatre plus diff\u00e9rentes, \u00e9crivent r\u00e9guli\u00e8rement ensemble : c&rsquo;est le [&hellip;]\" \/>\n<meta property=\"og:url\" content=\"https:\/\/radolfzell1200.de\/fr\/veranstaltung\/worte-schreiben-geschichten-geschichten-verbinden-ecrire-et-lire-pour-tous-2\/\" \/>\n<meta property=\"og:site_name\" content=\"Stadtjubil\u00e4um Radolfzell\" \/>\n<meta property=\"article:modified_time\" content=\"2026-04-23T21:12:54+00:00\" \/>\n<meta property=\"og:image\" content=\"https:\/\/radolfzell1200.de\/wp-content\/uploads\/sites\/17\/2026\/04\/event-9f22c267-228e-469b-9828-d18faaf65223-12.jpg\" \/>\n\t<meta property=\"og:image:width\" content=\"800\" \/>\n\t<meta property=\"og:image:height\" content=\"1131\" \/>\n\t<meta property=\"og:image:type\" content=\"image\/jpeg\" \/>\n<meta name=\"twitter:card\" content=\"summary_large_image\" \/>\n<meta name=\"twitter:label1\" content=\"Dur\u00e9e de lecture estim\u00e9e\" \/>\n\t<meta name=\"twitter:data1\" content=\"2 minutes\" \/>\n<script type=\"application\/ld+json\" class=\"yoast-schema-graph\">{\"@context\":\"https:\/\/schema.org\",\"@graph\":[{\"@type\":\"WebPage\",\"@id\":\"https:\/\/radolfzell1200.de\/fr\/veranstaltung\/worte-schreiben-geschichten-geschichten-verbinden-ecrire-et-lire-pour-tous-2\/\",\"url\":\"https:\/\/radolfzell1200.de\/fr\/veranstaltung\/worte-schreiben-geschichten-geschichten-verbinden-ecrire-et-lire-pour-tous-2\/\",\"name\":\"(W)Orte schreiben Geschichte(n) - Geschichten verbinden : \u00e9crire et lire pour tous - Stadtjubil\u00e4um Radolfzell\",\"isPartOf\":{\"@id\":\"https:\/\/radolfzell1200.de\/fr\/#website\"},\"primaryImageOfPage\":{\"@id\":\"https:\/\/radolfzell1200.de\/fr\/veranstaltung\/worte-schreiben-geschichten-geschichten-verbinden-ecrire-et-lire-pour-tous-2\/#primaryimage\"},\"image\":{\"@id\":\"https:\/\/radolfzell1200.de\/fr\/veranstaltung\/worte-schreiben-geschichten-geschichten-verbinden-ecrire-et-lire-pour-tous-2\/#primaryimage\"},\"thumbnailUrl\":\"https:\/\/radolfzell1200.de\/wp-content\/uploads\/sites\/17\/2026\/04\/event-9f22c267-228e-469b-9828-d18faaf65223-12.jpg\",\"datePublished\":\"2026-01-22T04:30:40+00:00\",\"dateModified\":\"2026-04-23T21:12:54+00:00\",\"breadcrumb\":{\"@id\":\"https:\/\/radolfzell1200.de\/fr\/veranstaltung\/worte-schreiben-geschichten-geschichten-verbinden-ecrire-et-lire-pour-tous-2\/#breadcrumb\"},\"inLanguage\":\"fr-FR\",\"potentialAction\":[{\"@type\":\"ReadAction\",\"target\":[\"https:\/\/radolfzell1200.de\/fr\/veranstaltung\/worte-schreiben-geschichten-geschichten-verbinden-ecrire-et-lire-pour-tous-2\/\"]}]},{\"@type\":\"ImageObject\",\"inLanguage\":\"fr-FR\",\"@id\":\"https:\/\/radolfzell1200.de\/fr\/veranstaltung\/worte-schreiben-geschichten-geschichten-verbinden-ecrire-et-lire-pour-tous-2\/#primaryimage\",\"url\":\"https:\/\/radolfzell1200.de\/wp-content\/uploads\/sites\/17\/2026\/04\/event-9f22c267-228e-469b-9828-d18faaf65223-12.jpg\",\"contentUrl\":\"https:\/\/radolfzell1200.de\/wp-content\/uploads\/sites\/17\/2026\/04\/event-9f22c267-228e-469b-9828-d18faaf65223-12.jpg\",\"width\":800,\"height\":1131},{\"@type\":\"BreadcrumbList\",\"@id\":\"https:\/\/radolfzell1200.de\/fr\/veranstaltung\/worte-schreiben-geschichten-geschichten-verbinden-ecrire-et-lire-pour-tous-2\/#breadcrumb\",\"itemListElement\":[{\"@type\":\"ListItem\",\"position\":1,\"name\":\"Startseite\",\"item\":\"https:\/\/radolfzell1200.de\/fr\/page-daccueil\/\"},{\"@type\":\"ListItem\",\"position\":2,\"name\":\"\u00c9v\u00e8nements\",\"item\":\"https:\/\/radolfzell1200.de\/fr\/veranstaltungen\/\"},{\"@type\":\"ListItem\",\"position\":3,\"name\":\"(W)Orte schreiben Geschichte(n) &#8211; Geschichten verbinden : \u00e9crire et lire pour tous\"}]},{\"@type\":\"WebSite\",\"@id\":\"https:\/\/radolfzell1200.de\/fr\/#website\",\"url\":\"https:\/\/radolfzell1200.de\/fr\/\",\"name\":\"Stadtjubil\u00e4um Radolfzell\",\"description\":\"Kultur Radolfzell Website\",\"potentialAction\":[{\"@type\":\"SearchAction\",\"target\":{\"@type\":\"EntryPoint\",\"urlTemplate\":\"https:\/\/radolfzell1200.de\/fr\/?s={search_term_string}\"},\"query-input\":{\"@type\":\"PropertyValueSpecification\",\"valueRequired\":true,\"valueName\":\"search_term_string\"}}],\"inLanguage\":\"fr-FR\"}]}<\/script>\n<!-- \/ Yoast SEO plugin. -->","yoast_head_json":{"title":"(W)Orte schreiben Geschichte(n) - Geschichten verbinden : \u00e9crire et lire pour tous - Stadtjubil\u00e4um Radolfzell","robots":{"index":"index","follow":"follow","max-snippet":"max-snippet:-1","max-image-preview":"max-image-preview:large","max-video-preview":"max-video-preview:-1"},"canonical":"https:\/\/radolfzell1200.de\/fr\/veranstaltung\/worte-schreiben-geschichten-geschichten-verbinden-ecrire-et-lire-pour-tous-2\/","og_locale":"fr_FR","og_type":"article","og_title":"(W)Orte schreiben Geschichte(n) - Geschichten verbinden : \u00e9crire et lire pour tous - Stadtjubil\u00e4um Radolfzell","og_description":"Depuis plus de trois ans, huit femmes, qui ne pourraient pas \u00eatre plus diff\u00e9rentes, \u00e9crivent r\u00e9guli\u00e8rement ensemble : c&rsquo;est le [&hellip;]","og_url":"https:\/\/radolfzell1200.de\/fr\/veranstaltung\/worte-schreiben-geschichten-geschichten-verbinden-ecrire-et-lire-pour-tous-2\/","og_site_name":"Stadtjubil\u00e4um Radolfzell","article_modified_time":"2026-04-23T21:12:54+00:00","og_image":[{"width":800,"height":1131,"url":"https:\/\/radolfzell1200.de\/wp-content\/uploads\/sites\/17\/2026\/04\/event-9f22c267-228e-469b-9828-d18faaf65223-12.jpg","type":"image\/jpeg"}],"twitter_card":"summary_large_image","twitter_misc":{"Dur\u00e9e de lecture estim\u00e9e":"2 minutes"},"schema":{"@context":"https:\/\/schema.org","@graph":[{"@type":"WebPage","@id":"https:\/\/radolfzell1200.de\/fr\/veranstaltung\/worte-schreiben-geschichten-geschichten-verbinden-ecrire-et-lire-pour-tous-2\/","url":"https:\/\/radolfzell1200.de\/fr\/veranstaltung\/worte-schreiben-geschichten-geschichten-verbinden-ecrire-et-lire-pour-tous-2\/","name":"(W)Orte schreiben Geschichte(n) - Geschichten verbinden : \u00e9crire et lire pour tous - Stadtjubil\u00e4um Radolfzell","isPartOf":{"@id":"https:\/\/radolfzell1200.de\/fr\/#website"},"primaryImageOfPage":{"@id":"https:\/\/radolfzell1200.de\/fr\/veranstaltung\/worte-schreiben-geschichten-geschichten-verbinden-ecrire-et-lire-pour-tous-2\/#primaryimage"},"image":{"@id":"https:\/\/radolfzell1200.de\/fr\/veranstaltung\/worte-schreiben-geschichten-geschichten-verbinden-ecrire-et-lire-pour-tous-2\/#primaryimage"},"thumbnailUrl":"https:\/\/radolfzell1200.de\/wp-content\/uploads\/sites\/17\/2026\/04\/event-9f22c267-228e-469b-9828-d18faaf65223-12.jpg","datePublished":"2026-01-22T04:30:40+00:00","dateModified":"2026-04-23T21:12:54+00:00","breadcrumb":{"@id":"https:\/\/radolfzell1200.de\/fr\/veranstaltung\/worte-schreiben-geschichten-geschichten-verbinden-ecrire-et-lire-pour-tous-2\/#breadcrumb"},"inLanguage":"fr-FR","potentialAction":[{"@type":"ReadAction","target":["https:\/\/radolfzell1200.de\/fr\/veranstaltung\/worte-schreiben-geschichten-geschichten-verbinden-ecrire-et-lire-pour-tous-2\/"]}]},{"@type":"ImageObject","inLanguage":"fr-FR","@id":"https:\/\/radolfzell1200.de\/fr\/veranstaltung\/worte-schreiben-geschichten-geschichten-verbinden-ecrire-et-lire-pour-tous-2\/#primaryimage","url":"https:\/\/radolfzell1200.de\/wp-content\/uploads\/sites\/17\/2026\/04\/event-9f22c267-228e-469b-9828-d18faaf65223-12.jpg","contentUrl":"https:\/\/radolfzell1200.de\/wp-content\/uploads\/sites\/17\/2026\/04\/event-9f22c267-228e-469b-9828-d18faaf65223-12.jpg","width":800,"height":1131},{"@type":"BreadcrumbList","@id":"https:\/\/radolfzell1200.de\/fr\/veranstaltung\/worte-schreiben-geschichten-geschichten-verbinden-ecrire-et-lire-pour-tous-2\/#breadcrumb","itemListElement":[{"@type":"ListItem","position":1,"name":"Startseite","item":"https:\/\/radolfzell1200.de\/fr\/page-daccueil\/"},{"@type":"ListItem","position":2,"name":"\u00c9v\u00e8nements","item":"https:\/\/radolfzell1200.de\/fr\/veranstaltungen\/"},{"@type":"ListItem","position":3,"name":"(W)Orte schreiben Geschichte(n) &#8211; Geschichten verbinden : \u00e9crire et lire pour tous"}]},{"@type":"WebSite","@id":"https:\/\/radolfzell1200.de\/fr\/#website","url":"https:\/\/radolfzell1200.de\/fr\/","name":"Stadtjubil\u00e4um Radolfzell","description":"Kultur Radolfzell Website","potentialAction":[{"@type":"SearchAction","target":{"@type":"EntryPoint","urlTemplate":"https:\/\/radolfzell1200.de\/fr\/?s={search_term_string}"},"query-input":{"@type":"PropertyValueSpecification","valueRequired":true,"valueName":"search_term_string"}}],"inLanguage":"fr-FR"}]}},"ticketed":false,"_links":{"self":[{"href":"https:\/\/radolfzell1200.de\/fr\/wp-json\/wp\/v2\/tribe_events\/16596","targetHints":{"allow":["GET"]}}],"collection":[{"href":"https:\/\/radolfzell1200.de\/fr\/wp-json\/wp\/v2\/tribe_events"}],"about":[{"href":"https:\/\/radolfzell1200.de\/fr\/wp-json\/wp\/v2\/types\/tribe_events"}],"author":[{"embeddable":true,"href":"https:\/\/radolfzell1200.de\/fr\/wp-json\/wp\/v2\/users\/1"}],"version-history":[{"count":4,"href":"https:\/\/radolfzell1200.de\/fr\/wp-json\/wp\/v2\/tribe_events\/16596\/revisions"}],"predecessor-version":[{"id":22877,"href":"https:\/\/radolfzell1200.de\/fr\/wp-json\/wp\/v2\/tribe_events\/16596\/revisions\/22877"}],"wp:featuredmedia":[{"embeddable":true,"href":"https:\/\/radolfzell1200.de\/fr\/wp-json\/wp\/v2\/media\/33873"}],"wp:attachment":[{"href":"https:\/\/radolfzell1200.de\/fr\/wp-json\/wp\/v2\/media?parent=16596"}],"wp:term":[{"taxonomy":"post_tag","embeddable":true,"href":"https:\/\/radolfzell1200.de\/fr\/wp-json\/wp\/v2\/tags?post=16596"},{"taxonomy":"tribe_events_cat","embeddable":true,"href":"https:\/\/radolfzell1200.de\/fr\/wp-json\/wp\/v2\/tribe_events_cat?post=16596"}],"curies":[{"name":"wp","href":"https:\/\/api.w.org\/{rel}","templated":true}]}}