{"id":5595,"date":"2025-04-07T20:12:20","date_gmt":"2025-04-07T18:12:20","guid":{"rendered":"https:\/\/radolfzell1200.de\/decouvrir-vivre\/podcast\/"},"modified":"2026-01-08T09:42:45","modified_gmt":"2026-01-08T08:42:45","slug":"podcast","status":"publish","type":"page","link":"https:\/\/radolfzell1200.de\/fr\/decouvrir-vivre\/podcast\/","title":{"rendered":"Podcast"},"content":{"rendered":"<h2>RADio Zell &#8211; Podcast sur l&rsquo;histoire de Radolfzell<\/h2>\n<h3>\u00c9couter l&rsquo;histoire de la ville. Vivre Radolfzell. <\/h3>\n<p data-start=\"198\" data-end=\"614\">A l&rsquo;occasion de l&rsquo;anniversaire de la ville, <strong data-start=\"258\" data-end=\"272\">RADio Zell<\/strong> publie un podcast tr\u00e8s particulier :<br data-start=\"301\" data-end=\"304\">En six \u00e9pisodes divertissants <strong data-start=\"340\" data-end=\"358\">, Alexander R\u00f6hm<\/strong> (directeur des archives municipales) et <strong data-start=\"389\" data-end=\"407\">R\u00fcdiger Specht<\/strong> (directeur du mus\u00e9e municipal) vous guident \u00e0 travers l&rsquo;histoire passionnante de notre ville &#8211; du fondateur l\u00e9gendaire Radolt aux quartiers et aux seigneurs influents, en passant par de nombreuses autres facettes historiques.<\/p>\n<p data-start=\"616\" data-end=\"785\">Le <strong data-start=\"620\" data-end=\"664\">premier \u00e9pisode sortira le 13 janvier 2026<\/strong>, puis un nouvel \u00e9pisode sera publi\u00e9 <strong data-start=\"684\" data-end=\"711\">tous les deux mois, le 13,<\/strong> pendant toute l&rsquo;ann\u00e9e du centenaire. <\/p>\n<p data-start=\"787\" data-end=\"1051\">\ud83c\udfa7 <strong data-start=\"790\" data-end=\"864\">RADio Zell est disponible sur les principales plateformes de podcast :<\/strong><br data-start=\"864\" data-end=\"867\"><strong data-start=\"867\" data-end=\"918\">Cliquez ici pour acc\u00e9der directement au podcast sur <a href=\"https:\/\/open.spotify.com\/show\/1p7lzmebLYuIwfR4dR1pqs?si=1M815pt_QYCW6qhLLRrwyA\">Spotify<\/a>, <a href=\"https:\/\/podcasts.apple.com\/us\/podcast\/radio-zell\/id1866566869\">Apple Music<\/a>, <a href=\"https:\/\/music.amazon.com\/podcasts\/418b9426-e2f0-4636-988c-ea601ff719df\/radio-zell\">Amazon Music<\/a> et <a href=\"https:\/\/www.youtube.com\/@Stadtjubil%C3%A4umRadolfzell\">YouTube<\/a>.<\/strong><\/p>\n<p data-start=\"1053\" data-end=\"1074\"><strong data-start=\"1053\" data-end=\"1074\">Ce qui vous attend<\/strong><\/p>\n<ul data-start=\"1075\" data-end=\"1270\">\n<li data-start=\"1075\" data-end=\"1139\">\n<p data-start=\"1077\" data-end=\"1139\">Un contexte historique bien document\u00e9 et compr\u00e9hensible<\/p>\n<\/li>\n<li data-start=\"1140\" data-end=\"1162\">\n<p data-start=\"1142\" data-end=\"1162\">Des faits amusants<\/p>\n<\/li>\n<li data-start=\"1163\" data-end=\"1199\">\n<p data-start=\"1165\" data-end=\"1199\">Th\u00e8mes \u00e0 forte connotation locale<\/p>\n<\/li>\n<li data-start=\"1200\" data-end=\"1270\">\n<p data-start=\"1202\" data-end=\"1270\">Un \u00e9pisode sp\u00e9cial avec le maire pour marquer l&rsquo;anniversaire de la ville<\/p>\n<\/li>\n<\/ul>\n<p data-start=\"1272\" data-end=\"1406\">Que ce soit \u00e0 la maison ou en d\u00e9placement, <strong data-start=\"1300\" data-end=\"1314\">RADio Zell<\/strong> fait vivre l&rsquo;histoire de la ville &#8211; de mani\u00e8re divertissante, informative et avec beaucoup de c\u0153ur pour Radolfzell.<\/p>\n<p>&nbsp;<\/p>\n<div id=\"attachment_4875\" style=\"width: 210px\" class=\"wp-caption alignnone\"><img loading=\"lazy\" decoding=\"async\" aria-describedby=\"caption-attachment-4875\" class=\"wpa-warning wpa-image-missing-alt size-medium wp-image-4875\" src=\"https:\/\/radolfzell1200.de\/wp-content\/uploads\/sites\/17\/2025\/10\/Stadtjubilaeum-26_Podcast_Homebase-200x300.jpg\" alt=\"\" width=\"200\" height=\"300\" data-warning=\"Missing alt text\" srcset=\"https:\/\/radolfzell1200.de\/wp-content\/uploads\/sites\/17\/2025\/10\/Stadtjubilaeum-26_Podcast_Homebase-200x300.jpg 200w, https:\/\/radolfzell1200.de\/wp-content\/uploads\/sites\/17\/2025\/10\/Stadtjubilaeum-26_Podcast_Homebase-683x1024.jpg 683w, https:\/\/radolfzell1200.de\/wp-content\/uploads\/sites\/17\/2025\/10\/Stadtjubilaeum-26_Podcast_Homebase-768x1152.jpg 768w, https:\/\/radolfzell1200.de\/wp-content\/uploads\/sites\/17\/2025\/10\/Stadtjubilaeum-26_Podcast_Homebase-1024x1536.jpg 1024w, https:\/\/radolfzell1200.de\/wp-content\/uploads\/sites\/17\/2025\/10\/Stadtjubilaeum-26_Podcast_Homebase-1365x2048.jpg 1365w, https:\/\/radolfzell1200.de\/wp-content\/uploads\/sites\/17\/2025\/10\/Stadtjubilaeum-26_Podcast_Homebase-scaled.jpg 1707w\" sizes=\"auto, (max-width: 200px) 100vw, 200px\" \/><\/p>\n<p id=\"caption-attachment-4875\" class=\"wp-caption-text\">Homebase-design.fr<\/p>\n<\/div>\n","protected":false},"excerpt":{"rendered":"<p>RADio Zell &#8211; Podcast sur l&rsquo;histoire de Radolfzell \u00c9couter l&rsquo;histoire de la ville. Vivre Radolfzell. A l&rsquo;occasion de l&rsquo;anniversaire de [&hellip;]<\/p>\n","protected":false},"author":1,"featured_media":0,"parent":5401,"menu_order":0,"comment_status":"closed","ping_status":"closed","template":"page-layout1.php","meta":{"_price":"","_stock":"","_tribe_ticket_header":"","_tribe_default_ticket_provider":"","_ticket_start_date":"","_ticket_end_date":"","_tribe_ticket_show_description":"","_tribe_ticket_show_not_going":false,"_tribe_ticket_use_global_stock":"","_tribe_ticket_global_stock_level":"","_global_stock_mode":"","_global_stock_cap":"","_tribe_rsvp_for_event":"","_tribe_ticket_going_count":"","_tribe_ticket_not_going_count":"","_tribe_tickets_list":"[]","_tribe_ticket_has_attendee_info_fields":false,"footnotes":""},"class_list":["post-5595","page","type-page","status-publish","hentry","page_tag-buergerprojekt","page_tag-buergerprojekte2026","page_tag-highlight-veranstaltungen","page_tag-highlight2026","page_tag-stadtjubilaeum","page_tag-stadtjubilaeum-2026"],"yoast_head":"<!-- This site is optimized with the Yoast SEO plugin v26.7 - https:\/\/yoast.com\/wordpress\/plugins\/seo\/ -->\n<title>Podcast - Stadtjubil\u00e4um Radolfzell<\/title>\n<meta name=\"description\" content=\"Notre podcast accompagne toute l&#039;ann\u00e9e du jubil\u00e9 2026 \u00e0 Radolfzell avec des histoires passionnantes sous des perspectives fascinantes. Nouveau chaque mois !\" \/>\n<meta name=\"robots\" content=\"index, follow, max-snippet:-1, max-image-preview:large, max-video-preview:-1\" \/>\n<link rel=\"canonical\" href=\"https:\/\/radolfzell1200.de\/fr\/decouvrir-vivre\/podcast\/\" \/>\n<meta property=\"og:locale\" content=\"fr_FR\" \/>\n<meta property=\"og:type\" content=\"article\" \/>\n<meta property=\"og:title\" content=\"Podcast - Stadtjubil\u00e4um Radolfzell\" \/>\n<meta property=\"og:description\" content=\"Notre podcast accompagne toute l&#039;ann\u00e9e du jubil\u00e9 2026 \u00e0 Radolfzell avec des histoires passionnantes sous des perspectives fascinantes. Nouveau chaque mois !\" \/>\n<meta property=\"og:url\" content=\"https:\/\/radolfzell1200.de\/fr\/decouvrir-vivre\/podcast\/\" \/>\n<meta property=\"og:site_name\" content=\"Stadtjubil\u00e4um Radolfzell\" \/>\n<meta property=\"article:modified_time\" content=\"2026-01-08T08:42:45+00:00\" \/>\n<meta property=\"og:image\" content=\"https:\/\/radolfzell1200.de\/wp-content\/uploads\/sites\/17\/2025\/10\/Stadtjubilaeum-26_Podcast_Homebase-200x300.jpg\" \/>\n<meta name=\"twitter:card\" content=\"summary_large_image\" \/>\n<meta name=\"twitter:label1\" content=\"Dur\u00e9e de lecture estim\u00e9e\" \/>\n\t<meta name=\"twitter:data1\" content=\"1 minute\" \/>\n<script type=\"application\/ld+json\" class=\"yoast-schema-graph\">{\"@context\":\"https:\/\/schema.org\",\"@graph\":[{\"@type\":\"WebPage\",\"@id\":\"https:\/\/radolfzell1200.de\/fr\/decouvrir-vivre\/podcast\/\",\"url\":\"https:\/\/radolfzell1200.de\/fr\/decouvrir-vivre\/podcast\/\",\"name\":\"Podcast - Stadtjubil\u00e4um Radolfzell\",\"isPartOf\":{\"@id\":\"https:\/\/radolfzell1200.de\/fr\/#website\"},\"primaryImageOfPage\":{\"@id\":\"https:\/\/radolfzell1200.de\/fr\/decouvrir-vivre\/podcast\/#primaryimage\"},\"image\":{\"@id\":\"https:\/\/radolfzell1200.de\/fr\/decouvrir-vivre\/podcast\/#primaryimage\"},\"thumbnailUrl\":\"https:\/\/radolfzell1200.de\/wp-content\/uploads\/sites\/17\/2025\/10\/Stadtjubilaeum-26_Podcast_Homebase-200x300.jpg\",\"datePublished\":\"2025-04-07T18:12:20+00:00\",\"dateModified\":\"2026-01-08T08:42:45+00:00\",\"description\":\"Notre podcast accompagne toute l'ann\u00e9e du jubil\u00e9 2026 \u00e0 Radolfzell avec des histoires passionnantes sous des perspectives fascinantes. Nouveau chaque mois !\",\"breadcrumb\":{\"@id\":\"https:\/\/radolfzell1200.de\/fr\/decouvrir-vivre\/podcast\/#breadcrumb\"},\"inLanguage\":\"fr-FR\",\"potentialAction\":[{\"@type\":\"ReadAction\",\"target\":[\"https:\/\/radolfzell1200.de\/fr\/decouvrir-vivre\/podcast\/\"]}]},{\"@type\":\"ImageObject\",\"inLanguage\":\"fr-FR\",\"@id\":\"https:\/\/radolfzell1200.de\/fr\/decouvrir-vivre\/podcast\/#primaryimage\",\"url\":\"https:\/\/radolfzell1200.de\/wp-content\/uploads\/sites\/17\/2025\/10\/Stadtjubilaeum-26_Podcast_Homebase-200x300.jpg\",\"contentUrl\":\"https:\/\/radolfzell1200.de\/wp-content\/uploads\/sites\/17\/2025\/10\/Stadtjubilaeum-26_Podcast_Homebase-200x300.jpg\"},{\"@type\":\"BreadcrumbList\",\"@id\":\"https:\/\/radolfzell1200.de\/fr\/decouvrir-vivre\/podcast\/#breadcrumb\",\"itemListElement\":[{\"@type\":\"ListItem\",\"position\":1,\"name\":\"Startseite\",\"item\":\"https:\/\/radolfzell1200.de\/fr\/page-daccueil\/\"},{\"@type\":\"ListItem\",\"position\":2,\"name\":\"D\u00e9couvrir &amp; vivre\",\"item\":\"https:\/\/radolfzell1200.de\/fr\/decouvrir-vivre\/\"},{\"@type\":\"ListItem\",\"position\":3,\"name\":\"Podcast\"}]},{\"@type\":\"WebSite\",\"@id\":\"https:\/\/radolfzell1200.de\/fr\/#website\",\"url\":\"https:\/\/radolfzell1200.de\/fr\/\",\"name\":\"Stadtjubil\u00e4um Radolfzell\",\"description\":\"Kultur Radolfzell Website\",\"potentialAction\":[{\"@type\":\"SearchAction\",\"target\":{\"@type\":\"EntryPoint\",\"urlTemplate\":\"https:\/\/radolfzell1200.de\/fr\/?s={search_term_string}\"},\"query-input\":{\"@type\":\"PropertyValueSpecification\",\"valueRequired\":true,\"valueName\":\"search_term_string\"}}],\"inLanguage\":\"fr-FR\"}]}<\/script>\n<!-- \/ Yoast SEO plugin. -->","yoast_head_json":{"title":"Podcast - Stadtjubil\u00e4um Radolfzell","description":"Notre podcast accompagne toute l'ann\u00e9e du jubil\u00e9 2026 \u00e0 Radolfzell avec des histoires passionnantes sous des perspectives fascinantes. Nouveau chaque mois !","robots":{"index":"index","follow":"follow","max-snippet":"max-snippet:-1","max-image-preview":"max-image-preview:large","max-video-preview":"max-video-preview:-1"},"canonical":"https:\/\/radolfzell1200.de\/fr\/decouvrir-vivre\/podcast\/","og_locale":"fr_FR","og_type":"article","og_title":"Podcast - Stadtjubil\u00e4um Radolfzell","og_description":"Notre podcast accompagne toute l'ann\u00e9e du jubil\u00e9 2026 \u00e0 Radolfzell avec des histoires passionnantes sous des perspectives fascinantes. Nouveau chaque mois !","og_url":"https:\/\/radolfzell1200.de\/fr\/decouvrir-vivre\/podcast\/","og_site_name":"Stadtjubil\u00e4um Radolfzell","article_modified_time":"2026-01-08T08:42:45+00:00","og_image":[{"url":"https:\/\/radolfzell1200.de\/wp-content\/uploads\/sites\/17\/2025\/10\/Stadtjubilaeum-26_Podcast_Homebase-200x300.jpg","type":"","width":"","height":""}],"twitter_card":"summary_large_image","twitter_misc":{"Dur\u00e9e de lecture estim\u00e9e":"1 minute"},"schema":{"@context":"https:\/\/schema.org","@graph":[{"@type":"WebPage","@id":"https:\/\/radolfzell1200.de\/fr\/decouvrir-vivre\/podcast\/","url":"https:\/\/radolfzell1200.de\/fr\/decouvrir-vivre\/podcast\/","name":"Podcast - Stadtjubil\u00e4um Radolfzell","isPartOf":{"@id":"https:\/\/radolfzell1200.de\/fr\/#website"},"primaryImageOfPage":{"@id":"https:\/\/radolfzell1200.de\/fr\/decouvrir-vivre\/podcast\/#primaryimage"},"image":{"@id":"https:\/\/radolfzell1200.de\/fr\/decouvrir-vivre\/podcast\/#primaryimage"},"thumbnailUrl":"https:\/\/radolfzell1200.de\/wp-content\/uploads\/sites\/17\/2025\/10\/Stadtjubilaeum-26_Podcast_Homebase-200x300.jpg","datePublished":"2025-04-07T18:12:20+00:00","dateModified":"2026-01-08T08:42:45+00:00","description":"Notre podcast accompagne toute l'ann\u00e9e du jubil\u00e9 2026 \u00e0 Radolfzell avec des histoires passionnantes sous des perspectives fascinantes. Nouveau chaque mois !","breadcrumb":{"@id":"https:\/\/radolfzell1200.de\/fr\/decouvrir-vivre\/podcast\/#breadcrumb"},"inLanguage":"fr-FR","potentialAction":[{"@type":"ReadAction","target":["https:\/\/radolfzell1200.de\/fr\/decouvrir-vivre\/podcast\/"]}]},{"@type":"ImageObject","inLanguage":"fr-FR","@id":"https:\/\/radolfzell1200.de\/fr\/decouvrir-vivre\/podcast\/#primaryimage","url":"https:\/\/radolfzell1200.de\/wp-content\/uploads\/sites\/17\/2025\/10\/Stadtjubilaeum-26_Podcast_Homebase-200x300.jpg","contentUrl":"https:\/\/radolfzell1200.de\/wp-content\/uploads\/sites\/17\/2025\/10\/Stadtjubilaeum-26_Podcast_Homebase-200x300.jpg"},{"@type":"BreadcrumbList","@id":"https:\/\/radolfzell1200.de\/fr\/decouvrir-vivre\/podcast\/#breadcrumb","itemListElement":[{"@type":"ListItem","position":1,"name":"Startseite","item":"https:\/\/radolfzell1200.de\/fr\/page-daccueil\/"},{"@type":"ListItem","position":2,"name":"D\u00e9couvrir &amp; vivre","item":"https:\/\/radolfzell1200.de\/fr\/decouvrir-vivre\/"},{"@type":"ListItem","position":3,"name":"Podcast"}]},{"@type":"WebSite","@id":"https:\/\/radolfzell1200.de\/fr\/#website","url":"https:\/\/radolfzell1200.de\/fr\/","name":"Stadtjubil\u00e4um Radolfzell","description":"Kultur Radolfzell Website","potentialAction":[{"@type":"SearchAction","target":{"@type":"EntryPoint","urlTemplate":"https:\/\/radolfzell1200.de\/fr\/?s={search_term_string}"},"query-input":{"@type":"PropertyValueSpecification","valueRequired":true,"valueName":"search_term_string"}}],"inLanguage":"fr-FR"}]}},"_links":{"self":[{"href":"https:\/\/radolfzell1200.de\/fr\/wp-json\/wp\/v2\/pages\/5595","targetHints":{"allow":["GET"]}}],"collection":[{"href":"https:\/\/radolfzell1200.de\/fr\/wp-json\/wp\/v2\/pages"}],"about":[{"href":"https:\/\/radolfzell1200.de\/fr\/wp-json\/wp\/v2\/types\/page"}],"author":[{"embeddable":true,"href":"https:\/\/radolfzell1200.de\/fr\/wp-json\/wp\/v2\/users\/1"}],"replies":[{"embeddable":true,"href":"https:\/\/radolfzell1200.de\/fr\/wp-json\/wp\/v2\/comments?post=5595"}],"version-history":[{"count":6,"href":"https:\/\/radolfzell1200.de\/fr\/wp-json\/wp\/v2\/pages\/5595\/revisions"}],"predecessor-version":[{"id":15118,"href":"https:\/\/radolfzell1200.de\/fr\/wp-json\/wp\/v2\/pages\/5595\/revisions\/15118"}],"up":[{"embeddable":true,"href":"https:\/\/radolfzell1200.de\/fr\/wp-json\/wp\/v2\/pages\/5401"}],"wp:attachment":[{"href":"https:\/\/radolfzell1200.de\/fr\/wp-json\/wp\/v2\/media?parent=5595"}],"curies":[{"name":"wp","href":"https:\/\/api.w.org\/{rel}","templated":true}]}}