{"id":12516,"date":"2025-11-24T19:30:43","date_gmt":"2025-11-24T18:30:43","guid":{"rendered":"https:\/\/radolfzell1200.de\/decouvrir-vivre\/objets-caches\/"},"modified":"2025-11-24T19:34:41","modified_gmt":"2025-11-24T18:34:41","slug":"objets-caches","status":"publish","type":"page","link":"https:\/\/radolfzell1200.de\/fr\/decouvrir-vivre\/objets-caches\/","title":{"rendered":"Objets cach\u00e9s"},"content":{"rendered":"<h3>Radolfzell au Moyen \u00c2ge<\/h3>\n<div id=\"attachment_12509\" style=\"width: 740px\" class=\"wp-caption alignnone\"><a href=\"https:\/\/radolfzell1200.de\/wp-content\/uploads\/sites\/17\/1764\/08\/Ausschnitt_Wimmelbild_V1.png\" rel=\"lightbox-0\"><img loading=\"lazy\" decoding=\"async\" aria-describedby=\"caption-attachment-12509\" class=\"wp-image-12509\" src=\"https:\/\/radolfzell1200.de\/wp-content\/uploads\/sites\/17\/1764\/08\/Ausschnitt_Wimmelbild_V1-1024x734.png\" alt=\"Illustration en bande dessin\u00e9e d'une ville m\u00e9di\u00e9vale anim\u00e9e avec un march\u00e9, un ch\u00e2teau et de nombreuses personnes.\" width=\"730\" height=\"523\" srcset=\"https:\/\/radolfzell1200.de\/wp-content\/uploads\/sites\/17\/1764\/08\/Ausschnitt_Wimmelbild_V1-1024x734.png 1024w, https:\/\/radolfzell1200.de\/wp-content\/uploads\/sites\/17\/1764\/08\/Ausschnitt_Wimmelbild_V1-300x215.png 300w, https:\/\/radolfzell1200.de\/wp-content\/uploads\/sites\/17\/1764\/08\/Ausschnitt_Wimmelbild_V1-768x550.png 768w, https:\/\/radolfzell1200.de\/wp-content\/uploads\/sites\/17\/1764\/08\/Ausschnitt_Wimmelbild_V1-1536x1101.png 1536w, https:\/\/radolfzell1200.de\/wp-content\/uploads\/sites\/17\/1764\/08\/Ausschnitt_Wimmelbild_V1-2048x1467.png 2048w\" sizes=\"auto, (max-width: 730px) 100vw, 730px\" \/><\/a><\/p>\n<p id=\"caption-attachment-12509\" class=\"wp-caption-text\">Illustration : Iva \u00d6zyurt<\/p>\n<\/div>\n<p>&nbsp;<\/p>\n<p>L&rsquo;objet cach\u00e9 \u00ab\u00a0Radolfzell au Moyen \u00c2ge\u00a0\u00bb montre l&rsquo;animation de la place du march\u00e9 \u00e0 la fin du Moyen \u00c2ge : marchands, chevaliers, enfants, animaux et citoyens en action. La repr\u00e9sentation riche en d\u00e9tails invite les enfants et les adultes \u00e0 regarder et \u00e0 chercher attentivement. Elle favorise la concentration, le langage, la perception et l&rsquo;apprentissage social. Les objets cach\u00e9s incitent \u00e0 raconter des histoires : Que se passait-il \u00e0 l&rsquo;\u00e9poque ? Qu&rsquo;est-ce qui est diff\u00e9rent aujourd&rsquo;hui ?    <\/p>\n<p>L&rsquo;objet cach\u00e9 \u00ab\u00a0Radolfzell au Moyen-\u00c2ge\u00a0\u00bb fait partie de la mallette du mus\u00e9e et peut \u00eatre achet\u00e9 au mus\u00e9e municipal pour 1\u20ac.<\/p>\n","protected":false},"excerpt":{"rendered":"<p>Radolfzell au Moyen \u00c2ge &nbsp; L&rsquo;objet cach\u00e9 \u00ab\u00a0Radolfzell au Moyen \u00c2ge\u00a0\u00bb montre l&rsquo;animation de la place du march\u00e9 \u00e0 la [&hellip;]<\/p>\n","protected":false},"author":1,"featured_media":0,"parent":5401,"menu_order":0,"comment_status":"closed","ping_status":"closed","template":"page-layout1.php","meta":{"_price":"","_stock":"","_tribe_ticket_header":"","_tribe_default_ticket_provider":"","_ticket_start_date":"","_ticket_end_date":"","_tribe_ticket_show_description":"","_tribe_ticket_show_not_going":false,"_tribe_ticket_use_global_stock":"","_tribe_ticket_global_stock_level":"","_global_stock_mode":"","_global_stock_cap":"","_tribe_rsvp_for_event":"","_tribe_ticket_going_count":"","_tribe_ticket_not_going_count":"","_tribe_tickets_list":"[]","_tribe_ticket_has_attendee_info_fields":false,"footnotes":""},"class_list":["post-12516","page","type-page","status-publish","hentry"],"yoast_head":"<!-- This site is optimized with the Yoast SEO plugin v26.7 - https:\/\/yoast.com\/wordpress\/plugins\/seo\/ -->\n<title>Objets cach\u00e9s - Stadtjubil\u00e4um Radolfzell<\/title>\n<meta name=\"robots\" content=\"index, follow, max-snippet:-1, max-image-preview:large, max-video-preview:-1\" \/>\n<link rel=\"canonical\" href=\"https:\/\/radolfzell1200.de\/fr\/decouvrir-vivre\/objets-caches\/\" \/>\n<meta property=\"og:locale\" content=\"fr_FR\" \/>\n<meta property=\"og:type\" content=\"article\" \/>\n<meta property=\"og:title\" content=\"Objets cach\u00e9s - Stadtjubil\u00e4um Radolfzell\" \/>\n<meta property=\"og:description\" content=\"Radolfzell au Moyen \u00c2ge &nbsp; L&rsquo;objet cach\u00e9 \u00ab\u00a0Radolfzell au Moyen \u00c2ge\u00a0\u00bb montre l&rsquo;animation de la place du march\u00e9 \u00e0 la [&hellip;]\" \/>\n<meta property=\"og:url\" content=\"https:\/\/radolfzell1200.de\/fr\/decouvrir-vivre\/objets-caches\/\" \/>\n<meta property=\"og:site_name\" content=\"Stadtjubil\u00e4um Radolfzell\" \/>\n<meta property=\"article:modified_time\" content=\"2025-11-24T18:34:41+00:00\" \/>\n<meta property=\"og:image\" content=\"https:\/\/radolfzell1200.de\/wp-content\/uploads\/sites\/17\/1764\/08\/Ausschnitt_Wimmelbild_V1-1024x734.png\" \/>\n<meta name=\"twitter:card\" content=\"summary_large_image\" \/>\n<meta name=\"twitter:label1\" content=\"Dur\u00e9e de lecture estim\u00e9e\" \/>\n\t<meta name=\"twitter:data1\" content=\"1 minute\" \/>\n<script type=\"application\/ld+json\" class=\"yoast-schema-graph\">{\"@context\":\"https:\/\/schema.org\",\"@graph\":[{\"@type\":\"WebPage\",\"@id\":\"https:\/\/radolfzell1200.de\/fr\/decouvrir-vivre\/objets-caches\/\",\"url\":\"https:\/\/radolfzell1200.de\/fr\/decouvrir-vivre\/objets-caches\/\",\"name\":\"Objets cach\u00e9s - Stadtjubil\u00e4um Radolfzell\",\"isPartOf\":{\"@id\":\"https:\/\/radolfzell1200.de\/fr\/#website\"},\"primaryImageOfPage\":{\"@id\":\"https:\/\/radolfzell1200.de\/fr\/decouvrir-vivre\/objets-caches\/#primaryimage\"},\"image\":{\"@id\":\"https:\/\/radolfzell1200.de\/fr\/decouvrir-vivre\/objets-caches\/#primaryimage\"},\"thumbnailUrl\":\"https:\/\/radolfzell1200.de\/wp-content\/uploads\/sites\/17\/1764\/08\/Ausschnitt_Wimmelbild_V1-1024x734.png\",\"datePublished\":\"2025-11-24T18:30:43+00:00\",\"dateModified\":\"2025-11-24T18:34:41+00:00\",\"breadcrumb\":{\"@id\":\"https:\/\/radolfzell1200.de\/fr\/decouvrir-vivre\/objets-caches\/#breadcrumb\"},\"inLanguage\":\"fr-FR\",\"potentialAction\":[{\"@type\":\"ReadAction\",\"target\":[\"https:\/\/radolfzell1200.de\/fr\/decouvrir-vivre\/objets-caches\/\"]}]},{\"@type\":\"ImageObject\",\"inLanguage\":\"fr-FR\",\"@id\":\"https:\/\/radolfzell1200.de\/fr\/decouvrir-vivre\/objets-caches\/#primaryimage\",\"url\":\"https:\/\/radolfzell1200.de\/wp-content\/uploads\/sites\/17\/1764\/08\/Ausschnitt_Wimmelbild_V1-1024x734.png\",\"contentUrl\":\"https:\/\/radolfzell1200.de\/wp-content\/uploads\/sites\/17\/1764\/08\/Ausschnitt_Wimmelbild_V1-1024x734.png\"},{\"@type\":\"BreadcrumbList\",\"@id\":\"https:\/\/radolfzell1200.de\/fr\/decouvrir-vivre\/objets-caches\/#breadcrumb\",\"itemListElement\":[{\"@type\":\"ListItem\",\"position\":1,\"name\":\"Startseite\",\"item\":\"https:\/\/radolfzell1200.de\/fr\/page-daccueil\/\"},{\"@type\":\"ListItem\",\"position\":2,\"name\":\"D\u00e9couvrir &amp; vivre\",\"item\":\"https:\/\/radolfzell1200.de\/fr\/decouvrir-vivre\/\"},{\"@type\":\"ListItem\",\"position\":3,\"name\":\"Objets cach\u00e9s\"}]},{\"@type\":\"WebSite\",\"@id\":\"https:\/\/radolfzell1200.de\/fr\/#website\",\"url\":\"https:\/\/radolfzell1200.de\/fr\/\",\"name\":\"Stadtjubil\u00e4um Radolfzell\",\"description\":\"Kultur Radolfzell Website\",\"potentialAction\":[{\"@type\":\"SearchAction\",\"target\":{\"@type\":\"EntryPoint\",\"urlTemplate\":\"https:\/\/radolfzell1200.de\/fr\/?s={search_term_string}\"},\"query-input\":{\"@type\":\"PropertyValueSpecification\",\"valueRequired\":true,\"valueName\":\"search_term_string\"}}],\"inLanguage\":\"fr-FR\"}]}<\/script>\n<!-- \/ Yoast SEO plugin. -->","yoast_head_json":{"title":"Objets cach\u00e9s - Stadtjubil\u00e4um Radolfzell","robots":{"index":"index","follow":"follow","max-snippet":"max-snippet:-1","max-image-preview":"max-image-preview:large","max-video-preview":"max-video-preview:-1"},"canonical":"https:\/\/radolfzell1200.de\/fr\/decouvrir-vivre\/objets-caches\/","og_locale":"fr_FR","og_type":"article","og_title":"Objets cach\u00e9s - Stadtjubil\u00e4um Radolfzell","og_description":"Radolfzell au Moyen \u00c2ge &nbsp; L&rsquo;objet cach\u00e9 \u00ab\u00a0Radolfzell au Moyen \u00c2ge\u00a0\u00bb montre l&rsquo;animation de la place du march\u00e9 \u00e0 la [&hellip;]","og_url":"https:\/\/radolfzell1200.de\/fr\/decouvrir-vivre\/objets-caches\/","og_site_name":"Stadtjubil\u00e4um Radolfzell","article_modified_time":"2025-11-24T18:34:41+00:00","og_image":[{"url":"https:\/\/radolfzell1200.de\/wp-content\/uploads\/sites\/17\/1764\/08\/Ausschnitt_Wimmelbild_V1-1024x734.png","type":"","width":"","height":""}],"twitter_card":"summary_large_image","twitter_misc":{"Dur\u00e9e de lecture estim\u00e9e":"1 minute"},"schema":{"@context":"https:\/\/schema.org","@graph":[{"@type":"WebPage","@id":"https:\/\/radolfzell1200.de\/fr\/decouvrir-vivre\/objets-caches\/","url":"https:\/\/radolfzell1200.de\/fr\/decouvrir-vivre\/objets-caches\/","name":"Objets cach\u00e9s - Stadtjubil\u00e4um Radolfzell","isPartOf":{"@id":"https:\/\/radolfzell1200.de\/fr\/#website"},"primaryImageOfPage":{"@id":"https:\/\/radolfzell1200.de\/fr\/decouvrir-vivre\/objets-caches\/#primaryimage"},"image":{"@id":"https:\/\/radolfzell1200.de\/fr\/decouvrir-vivre\/objets-caches\/#primaryimage"},"thumbnailUrl":"https:\/\/radolfzell1200.de\/wp-content\/uploads\/sites\/17\/1764\/08\/Ausschnitt_Wimmelbild_V1-1024x734.png","datePublished":"2025-11-24T18:30:43+00:00","dateModified":"2025-11-24T18:34:41+00:00","breadcrumb":{"@id":"https:\/\/radolfzell1200.de\/fr\/decouvrir-vivre\/objets-caches\/#breadcrumb"},"inLanguage":"fr-FR","potentialAction":[{"@type":"ReadAction","target":["https:\/\/radolfzell1200.de\/fr\/decouvrir-vivre\/objets-caches\/"]}]},{"@type":"ImageObject","inLanguage":"fr-FR","@id":"https:\/\/radolfzell1200.de\/fr\/decouvrir-vivre\/objets-caches\/#primaryimage","url":"https:\/\/radolfzell1200.de\/wp-content\/uploads\/sites\/17\/1764\/08\/Ausschnitt_Wimmelbild_V1-1024x734.png","contentUrl":"https:\/\/radolfzell1200.de\/wp-content\/uploads\/sites\/17\/1764\/08\/Ausschnitt_Wimmelbild_V1-1024x734.png"},{"@type":"BreadcrumbList","@id":"https:\/\/radolfzell1200.de\/fr\/decouvrir-vivre\/objets-caches\/#breadcrumb","itemListElement":[{"@type":"ListItem","position":1,"name":"Startseite","item":"https:\/\/radolfzell1200.de\/fr\/page-daccueil\/"},{"@type":"ListItem","position":2,"name":"D\u00e9couvrir &amp; vivre","item":"https:\/\/radolfzell1200.de\/fr\/decouvrir-vivre\/"},{"@type":"ListItem","position":3,"name":"Objets cach\u00e9s"}]},{"@type":"WebSite","@id":"https:\/\/radolfzell1200.de\/fr\/#website","url":"https:\/\/radolfzell1200.de\/fr\/","name":"Stadtjubil\u00e4um Radolfzell","description":"Kultur Radolfzell Website","potentialAction":[{"@type":"SearchAction","target":{"@type":"EntryPoint","urlTemplate":"https:\/\/radolfzell1200.de\/fr\/?s={search_term_string}"},"query-input":{"@type":"PropertyValueSpecification","valueRequired":true,"valueName":"search_term_string"}}],"inLanguage":"fr-FR"}]}},"_links":{"self":[{"href":"https:\/\/radolfzell1200.de\/fr\/wp-json\/wp\/v2\/pages\/12516","targetHints":{"allow":["GET"]}}],"collection":[{"href":"https:\/\/radolfzell1200.de\/fr\/wp-json\/wp\/v2\/pages"}],"about":[{"href":"https:\/\/radolfzell1200.de\/fr\/wp-json\/wp\/v2\/types\/page"}],"author":[{"embeddable":true,"href":"https:\/\/radolfzell1200.de\/fr\/wp-json\/wp\/v2\/users\/1"}],"replies":[{"embeddable":true,"href":"https:\/\/radolfzell1200.de\/fr\/wp-json\/wp\/v2\/comments?post=12516"}],"version-history":[{"count":4,"href":"https:\/\/radolfzell1200.de\/fr\/wp-json\/wp\/v2\/pages\/12516\/revisions"}],"predecessor-version":[{"id":12542,"href":"https:\/\/radolfzell1200.de\/fr\/wp-json\/wp\/v2\/pages\/12516\/revisions\/12542"}],"up":[{"embeddable":true,"href":"https:\/\/radolfzell1200.de\/fr\/wp-json\/wp\/v2\/pages\/5401"}],"wp:attachment":[{"href":"https:\/\/radolfzell1200.de\/fr\/wp-json\/wp\/v2\/media?parent=12516"}],"curies":[{"name":"wp","href":"https:\/\/api.w.org\/{rel}","templated":true}]}}